{"id":1122,"date":"2018-05-23T16:21:27","date_gmt":"2018-05-23T15:21:27","guid":{"rendered":"http:\/\/jewsineastprussia.de\/jews-in-memel-klaipeda-exhibition\/"},"modified":"2022-04-23T21:28:57","modified_gmt":"2022-04-23T19:28:57","slug":"jews-in-memel-klaipeda-exhibition","status":"publish","type":"page","link":"https:\/\/jewsineastprussia.de\/de\/jews-in-memel-klaipeda-exhibition\/","title":{"rendered":"Juden in Memel &#8211; Ausstellung"},"content":{"rendered":"\t\t<div data-elementor-type=\"wp-post\" data-elementor-id=\"1122\" class=\"elementor elementor-1122\" data-elementor-post-type=\"page\">\n\t\t\t\t\t\t<section class=\"elementor-section elementor-top-section elementor-element elementor-element-1c1d001 elementor-section-boxed elementor-section-height-default elementor-section-height-default\" data-id=\"1c1d001\" data-element_type=\"section\" data-e-type=\"section\">\n\t\t\t\t\t\t<div class=\"elementor-container elementor-column-gap-default\">\n\t\t\t\t\t<div class=\"elementor-column elementor-col-100 elementor-top-column elementor-element elementor-element-3ce6bc4\" data-id=\"3ce6bc4\" data-element_type=\"column\" data-e-type=\"column\">\n\t\t\t<div class=\"elementor-widget-wrap elementor-element-populated\">\n\t\t\t\t\t\t\t<\/div>\n\t\t<\/div>\n\t\t\t\t\t<\/div>\n\t\t<\/section>\n\t\t\t\t<section class=\"elementor-section elementor-top-section elementor-element elementor-element-0ffeef4 elementor-section-boxed elementor-section-height-default elementor-section-height-default\" data-id=\"0ffeef4\" data-element_type=\"section\" data-e-type=\"section\">\n\t\t\t\t\t\t<div class=\"elementor-container elementor-column-gap-default\">\n\t\t\t\t\t<div class=\"elementor-column elementor-col-100 elementor-top-column elementor-element elementor-element-5e0c418\" data-id=\"5e0c418\" data-element_type=\"column\" data-e-type=\"column\">\n\t\t\t<div class=\"elementor-widget-wrap elementor-element-populated\">\n\t\t\t\t\t\t<div class=\"elementor-element elementor-element-0b3360b elementor-widget elementor-widget-image\" data-id=\"0b3360b\" data-element_type=\"widget\" data-e-type=\"widget\" data-widget_type=\"image.default\">\n\t\t\t\t<div class=\"elementor-widget-container\">\n\t\t\t\t\t\t\t\t\t\t\t\t\t\t\t<img fetchpriority=\"high\" decoding=\"async\" width=\"900\" height=\"506\" src=\"https:\/\/jewsineastprussia.de\/wp-content\/uploads\/2022\/04\/Zydai-Klaipedoje-3D-900x900-1.jpg\" class=\"attachment-large size-large wp-image-9974\" alt=\"Buch Juden in Memel\" srcset=\"https:\/\/jewsineastprussia.de\/wp-content\/uploads\/2022\/04\/Zydai-Klaipedoje-3D-900x900-1.jpg 900w, https:\/\/jewsineastprussia.de\/wp-content\/uploads\/2022\/04\/Zydai-Klaipedoje-3D-900x900-1-300x169.jpg 300w, https:\/\/jewsineastprussia.de\/wp-content\/uploads\/2022\/04\/Zydai-Klaipedoje-3D-900x900-1-768x432.jpg 768w\" sizes=\"(max-width: 900px) 100vw, 900px\" \/>\t\t\t\t\t\t\t\t\t\t\t\t\t\t\t<\/div>\n\t\t\t\t<\/div>\n\t\t\t\t\t<\/div>\n\t\t<\/div>\n\t\t\t\t\t<\/div>\n\t\t<\/section>\n\t\t\t\t<section class=\"elementor-section elementor-top-section elementor-element elementor-element-26500520 elementor-reverse-mobile elementor-section-full_width elementor-section-height-default elementor-section-height-default\" data-id=\"26500520\" data-element_type=\"section\" data-e-type=\"section\">\n\t\t\t\t\t\t<div class=\"elementor-container elementor-column-gap-default\">\n\t\t\t\t\t<section class=\"elementor-column elementor-col-100 elementor-top-column elementor-element elementor-element-483fd927\" data-id=\"483fd927\" data-element_type=\"column\" data-e-type=\"column\">\n\t\t\t<div class=\"elementor-widget-wrap elementor-element-populated\">\n\t\t\t\t\t\t<div class=\"elementor-element elementor-element-42fc4f9b elementor-widget elementor-widget-text-editor\" data-id=\"42fc4f9b\" data-element_type=\"widget\" data-e-type=\"widget\" data-widget_type=\"text-editor.default\">\n\t\t\t\t<div class=\"elementor-widget-container\">\n\t\t\t\t\t\t\t\t\t<p><strong style=\"font-size: 14px;\">2021 <\/strong>Publikation &#8222;Juden in Klaip\u0117da (Memel)&#8220;, Verlag: Vilniaus universiteto leidykla <a href=\"https:\/\/www.knygynas.vu.lt\/zydai-klaipedoje-memelyje\" target=\"_blank\" rel=\"noopener\">Link zur Bestellung Pdf\u00a0<\/a><strong style=\"font-size: 14px;\"><br \/>2014<\/strong><span style=\"font-size: 14px;\">\u00a0Olsztyn (Allenstein) \/ Polen\u00a0<\/span><strong style=\"font-size: 14px;\">2013<\/strong><span style=\"font-size: 14px;\"> New York \/ USA <\/span><strong style=\"font-size: 14px;\">2007<\/strong><span style=\"font-size: 14px;\"> Kaunas \/ Litauen\u00a0<\/span><strong style=\"font-size: 14px;\">2006<\/strong><span style=\"font-size: 14px;\">\u00a0Wilnius \/ Litauen\u00a0<\/span><strong style=\"font-size: 14px;\">2006<\/strong><span style=\"font-size: 14px;\"> Silute (Heydekrug) \/ Litauen\u00a0<\/span><strong style=\"font-size: 14px;\">2005<\/strong><span style=\"font-size: 14px;\"> Klaipeda (Memel) \/ Litauen<\/span><\/p><p style=\"text-align: center;\"><img decoding=\"async\" src=\"http:\/\/jewsineastprussia.de\/wp-content\/uploads\/2018\/05\/Memel2013small.jpg\" alt=\"Jews in Memel Poster\" \/><span style=\"color: #999999;\"><em>Ausstellungsplakat\u00a0<\/em><\/span><em style=\"font-family: Roboto, sans-serif; font-size: 14px; font-variant-ligatures: normal; font-variant-caps: normal; font-weight: 400; color: #999999;\">New York\u00a0<\/em><span style=\"font-size: 14px; color: #999999;\"><em>&#8211;\u00a0<\/em><\/span><span style=\"font-family: inherit; font-style: inherit; font-variant-ligatures: inherit; font-variant-caps: inherit; font-weight: inherit; color: #999999;\"><i>Von der Grenzstadt in die Welt, Juden in Memel<\/i><\/span><em style=\"color: #999999; font-size: 14px;\">\u00a0<\/em><\/p><p>In der n\u00f6rdlichsten preu\u00dfischen Hafenstadt entwickelte sich Mitte des 19. Jahrhunderts ein sehr vielf\u00e4ltiges j\u00fcdisches Leben, beeinflu\u00dft von Einwanderern aus Ost und West. Die wechselnden politischen Zugeh\u00f6rigkeiten der Stadt und der Region nach 1919 brachten die Stadt zum Aufbl\u00fchen und sie wuchs in der Zwischenkriegszeit von ca. 2000 Einwohnern auf fast 7000 Einwohner. Au\u00dferdem wurde Klaipeda in den 30er Jahren zu einem wichtigen Zentrum der zionistischen Auswanderung. Die antisemitische Politik in Deutschland, die nach 1933 begann, hatte schnelle Auswirkungen auf die Situation im Gebiet von Memel. Als Hitler die Region im M\u00e4rz 1939 nach einem Ultimatum besetzte, wurde die j\u00fcdische Gemeinde pl\u00f6tzlich ausgel\u00f6scht. Die Juden der Region, die vor allem nach Litauen flohen, gerieten in ein fatales Wechselbad von Nationalsozialismus und stalinistischer Diktatur, welche nur wenige von ihnen \u00fcberlebten.<\/p><p><strong>2014,<\/strong>\u00a0vom 21. Sept. bis 10. Okt. wurde diese Ausstellung auch in Olsztyn \/ Polen (fr\u00fcheres Allenstein, Ostpr.) im Mendelsohn-Haus als Beitrag zu den 8.J\u00fcdischen Kulturtagen gezeigt.\u00a0<\/p><p><img decoding=\"async\" src=\"http:\/\/jewsineastprussia.de\/wp-content\/uploads\/2018\/05\/Opening-FlugLeiserowitz250.jpg\" alt=\"Opening of Exhibition\" width=\"250\" height=\"122\" \/>\u00a0<\/p><p>Er\u00f6ffnung der Ausstellung in NYC<\/p><p><strong>2013,<\/strong>\u00a026. Juni bis Sep in New York \/ USA\u00a0\u00a0<b>Von der Grenzstadt in die Welt &#8211; 100 Jahre j\u00fcdisches Leben in Memel\/Klaipeda<br \/><\/b><span style=\"font-size: 14px;\">am Holocaust Resource Center &amp; Archives,\u00a0Queensborough Community College, Bayside, NY,<\/span><\/p><p><img decoding=\"async\" src=\"http:\/\/jewsineastprussia.de\/wp-content\/uploads\/2018\/05\/Plakat-Juden-in-Kleipeda-212x300.jpeg\" alt=\"\" width=\"212\" height=\"300\" \/>\u00a0<\/p><div><p>Poster der Ausstellung Juden in Memel[<\/p><p>Die Ausstellung wanderte durch ganz Litauen:<br \/><strong>2005,<\/strong>\u00a025. Sep. bis 20. Dez. in Klaipeda\/Memel<br \/><strong>2006, <\/strong>4. Jan bis 27. Feb. in Silute\/Heydekrug<br \/><strong>2006<\/strong>\u00a023. M\u00e4rz bis 1. Juli in Wilnius<br \/><strong>2007<\/strong>\u00a016. Jan bis 13. Feb. in\u00a0 Kaunas (Stadtbilbliothek)<\/p><div>\u00a0<\/div><div>\u00a0<\/div><\/div>\t\t\t\t\t\t\t\t<\/div>\n\t\t\t\t<\/div>\n\t\t\t\t\t<\/div>\n\t\t<\/section>\n\t\t\t\t\t<\/div>\n\t\t<\/section>\n\t\t\t\t<\/div>\n\t\t","protected":false},"excerpt":{"rendered":"<p>2021 Publikation &#8222;Juden in Klaip\u0117da (Memel)&#8220;, Verlag: Vilniaus universiteto leidykla Link zur Bestellung Pdf\u00a0 2014\u00a0Olsztyn (Allenstein) \/ Polen\u00a02013 New York \/ USA 2007 Kaunas \/ Litauen\u00a02006\u00a0Wilnius \/ Litauen\u00a02006 Silute (Heydekrug) \/ Litauen\u00a02005 Klaipeda (Memel) \/ Litauen Ausstellungsplakat\u00a0New York\u00a0&#8211;\u00a0Von der Grenzstadt in die Welt, Juden in Memel\u00a0 In der n\u00f6rdlichsten preu\u00dfischen Hafenstadt entwickelte sich Mitte des [&hellip;]<\/p>\n","protected":false},"author":1,"featured_media":0,"parent":0,"menu_order":0,"comment_status":"closed","ping_status":"closed","template":"","meta":{"footnotes":""},"categories":[81],"class_list":["post-1122","page","type-page","status-publish","hentry","category-memel-klaipeda-de","entry"],"_links":{"self":[{"href":"https:\/\/jewsineastprussia.de\/de\/wp-json\/wp\/v2\/pages\/1122","targetHints":{"allow":["GET"]}}],"collection":[{"href":"https:\/\/jewsineastprussia.de\/de\/wp-json\/wp\/v2\/pages"}],"about":[{"href":"https:\/\/jewsineastprussia.de\/de\/wp-json\/wp\/v2\/types\/page"}],"author":[{"embeddable":true,"href":"https:\/\/jewsineastprussia.de\/de\/wp-json\/wp\/v2\/users\/1"}],"replies":[{"embeddable":true,"href":"https:\/\/jewsineastprussia.de\/de\/wp-json\/wp\/v2\/comments?post=1122"}],"version-history":[{"count":18,"href":"https:\/\/jewsineastprussia.de\/de\/wp-json\/wp\/v2\/pages\/1122\/revisions"}],"predecessor-version":[{"id":10000,"href":"https:\/\/jewsineastprussia.de\/de\/wp-json\/wp\/v2\/pages\/1122\/revisions\/10000"}],"wp:attachment":[{"href":"https:\/\/jewsineastprussia.de\/de\/wp-json\/wp\/v2\/media?parent=1122"}],"wp:term":[{"taxonomy":"category","embeddable":true,"href":"https:\/\/jewsineastprussia.de\/de\/wp-json\/wp\/v2\/categories?post=1122"}],"curies":[{"name":"wp","href":"https:\/\/api.w.org\/{rel}","templated":true}]}}